{"id":2086,"date":"2014-10-29T11:00:52","date_gmt":"2014-10-29T10:00:52","guid":{"rendered":"http:\/\/deltatrans.de\/tr\/unternehmen\/ueber-uns\/"},"modified":"2022-11-14T16:29:20","modified_gmt":"2022-11-14T15:29:20","slug":"ueber-uns","status":"publish","type":"page","link":"https:\/\/deltatrans.de\/tr\/unternehmen\/ueber-uns\/","title":{"rendered":"Hakk\u0131m\u0131zda"},"content":{"rendered":"<div class=\"wpb-content-wrapper\"><p>[vc_row parallax=&#8221;content-moving&#8221; parallax_image=&#8221;1985&#8243; bg_parallax=&#8221;on&#8221; bottom_button=&#8221;on&#8221; bottom_button_color=&#8221;#ffffff&#8221; font_color=&#8221;#ffffff&#8221; css=&#8221;.vc_custom_1434882983301{margin-top: 0px !important;margin-bottom: 0px !important;padding-top: 10px !important;padding-bottom: 60px !important;}&#8221; bottom_button_icon=&#8221;oic-down-open-big&#8221; bottom_button_link=&#8221;#section01&#8243; row_min_height=&#8221;700&#8243;][vc_column][vc_column_text css=&#8221;.vc_custom_1435103711656{margin-top: 80px !important;margin-bottom: 80px !important;}&#8221;]<\/p>\n<h1 style=\"text-align: left; text-shadow: 1px 1px 2px #000 !important;\">HAKKIMIZDA<\/h1>\n<h3 style=\"text-align: left;\"><span style=\"font-size: 14pt; font-weight: 600 !important; line-height: 1.5em !important; text-shadow: 1px 1px 2px #000 !important;\">Almanya&#8217;n\u0131n merkezinden d\u00fcnyan\u0131n her yerine sesleniyoruz.Deltatrans sizlere h\u0131zl\u0131 ta\u015f\u0131ma, zamandan tasarruf ve dakiklik garantisi verir. \u00dcretici firman\u0131n \u00fcretim noktas\u0131na veya nihai var\u0131\u015f noktas\u0131na kadar da\u011f\u0131t\u0131m ve toplama yapmaktay\u0131z. Sistemli bir lojistik sa\u011flay\u0131c\u0131s\u0131 olarak i\u015fimize de\u011fer katmay\u0131, kendimize ama\u00e7 edindik. <\/span><\/h3>\n<p>[\/vc_column_text][vc_row_inner][vc_column_inner width=&#8221;1\/3&#8243;]<span id=\"ozy_icon_5586\" class=\"ozy-icon  wpb_content_element align-center xxlarge circle2 icon oic-flaticon4-world92 \" style=\"border-color:#ee7202;color:#ee7202;color:#ffffff\" ><\/span><div class=\"ozy-counter wpb_content_element \" style=\"color:#ffffff\"><div class=\"timer\" data-sign=\"m&lt;sup&gt;2&lt;\/sup&gt;\" data-signpos=\"right\" data-from=\"0\" data-to=\"10000\">0<\/div><div class=\"hr\" style=\"background-color:#ffffff\"><\/div><span>A\u00c7IK DEPOLAMA ALANI<\/span><\/div>[\/vc_column_inner][vc_column_inner width=&#8221;1\/3&#8243;]<span id=\"ozy_icon_8026\" class=\"ozy-icon  wpb_content_element align-center xxlarge circle2 icon oic-flaticon4-delivery42 \" style=\"border-color:#ee7202;color:#ee7202;color:#ffffff\" ><\/span><div class=\"ozy-counter wpb_content_element \" style=\"color:#ffffff\"><div class=\"timer\" data-sign=\"\" data-signpos=\"right\" data-from=\"0\" data-to=\"35\">0<\/div><div class=\"hr\" style=\"background-color:#ffffff\"><\/div><span>PERSONEL<\/span><\/div>[\/vc_column_inner][vc_column_inner width=&#8221;1\/3&#8243;]<span id=\"ozy_icon_9657\" class=\"ozy-icon  wpb_content_element align-center xxlarge circle2 icon oic-flaticon4-earth198 \" style=\"border-color:#ee7202;color:#ee7202;color:#ffffff\" ><\/span><div class=\"ozy-counter wpb_content_element \" style=\"color:#ffffff\"><div class=\"timer\" data-sign=\"\" data-signpos=\"right\" data-from=\"0\" data-to=\"9242\">0<\/div><div class=\"hr\" style=\"background-color:#ffffff\"><\/div><span>2014&#039;DE YAPTI\u011eIMIZ TA\u015eIMA G\u00d6REVLER\u0130<\/span><\/div>[\/vc_column_inner][\/vc_row_inner][\/vc_column][\/vc_row][vc_row bg_parallax=&#8221;off&#8221; css=&#8221;.vc_custom_1434511172164{margin-top: 0px !important;margin-bottom: 50px !important;padding-top: 60px !important;padding-bottom: 0px !important;}&#8221; el_id=&#8221;section01&#8243;][vc_column width=&#8221;1\/2&#8243;][vc_single_image image=&#8221;2087&#8243; img_size=&#8221;full&#8221; alignment=&#8221;center&#8221; lightbox=&#8221;yes&#8221; zoom_on_hover=&#8221;yes&#8221; img_link_large=&#8221;yes&#8221;][\/vc_column][vc_column width=&#8221;1\/2&#8243;][vc_column_text css=&#8221;.vc_custom_1435103934414{margin-bottom: 0px !important;padding-bottom: 0px !important;}&#8221;]<\/p>\n<h3><span style=\"color: #003366;\">M\u00fckemmel planlama, zaman\u0131nda teslim ; k\u00fc\u00e7\u00fck genel kargolardan, y\u00fcksek hacimli a\u011f\u0131r y\u00fcklere kadar geni\u015f bir yelpazede y\u00fcksek de\u011ferli lojistik ve ta\u015f\u0131ma servisleri i\u015fimizin \u00e7ekirde\u011fini olu\u015fturmaktad\u0131r.<\/span><\/h3>\n<p>[\/vc_column_text][vc_separator][vc_column_text]<\/p>\n<h5>\u0130\u015fte Slogan\u0131m\u0131z: En iyisi ve en hesapl\u0131s\u0131 oldu\u011fundan, en k\u0131sa yolu tercih ederiz.Stratejik a\u00e7\u0131dan bakt\u0131\u011f\u0131m\u0131zda merkezi konumumuz olduk\u00e7a idealdir.Lojistik uzmanlar\u0131m\u0131z daima sorunsuz g\u00fczergah olu\u015fturma ve g\u00fcvenli ta\u015f\u0131may\u0131 sa\u011flamak i\u00e7in \u00e7ok \u00e7al\u0131\u015f\u0131rlar.Rotalar\u0131m\u0131z\u0131n \u00e7o\u011fu, m\u00fc\u015fterilerimizin Avrupa \u00f6tesinde ki etki alanlar\u0131n\u0131 da geni\u015fletmeye imkan sa\u011flayacak yelpazeyle T\u00fcrkiye&#8217;ye ula\u015f\u0131r.<\/h5>\n<p>[\/vc_column_text][\/vc_column][\/vc_row][vc_row bg_parallax=&#8221;off&#8221;][vc_column width=&#8221;1\/4&#8243;][vc_single_image image=&#8221;2092&#8243; img_size=&#8221;full&#8221; lightbox=&#8221;yes&#8221; zoom_on_hover=&#8221;yes&#8221; img_link_large=&#8221;yes&#8221;][\/vc_column][vc_column width=&#8221;1\/4&#8243;][vc_single_image image=&#8221;2094&#8243; img_size=&#8221;full&#8221; lightbox=&#8221;yes&#8221; zoom_on_hover=&#8221;yes&#8221; img_link_large=&#8221;yes&#8221;][\/vc_column][vc_column width=&#8221;1\/4&#8243;][vc_single_image image=&#8221;2098&#8243; img_size=&#8221;full&#8221; lightbox=&#8221;yes&#8221; zoom_on_hover=&#8221;yes&#8221; img_link_large=&#8221;yes&#8221;][\/vc_column][vc_column width=&#8221;1\/4&#8243;][vc_single_image image=&#8221;2097&#8243; img_size=&#8221;full&#8221; lightbox=&#8221;yes&#8221; zoom_on_hover=&#8221;yes&#8221; img_link_large=&#8221;yes&#8221;][\/vc_column][\/vc_row][vc_row bg_parallax=&#8221;off&#8221; css=&#8221;.vc_custom_1414616438782{margin-top: 0px !important;margin-bottom: 0px !important;padding-top: 60px !important;padding-bottom: 60px !important;background-color: #edf4f6 !important;}&#8221;][vc_column]<h3 class=\"ozy-divider-cap-left wpb_content_element\">DA\u011eITIM VE TOPLAMA OPERASYONLARI<\/h3><div class=\"ozy-content-divider \" style=\"border-top-style:solid;border-top-width:2px;border-top-color:#34ccff;width:40px;max-width:40px;float:left;\"><\/div>[vc_column_text css=&#8221;.vc_custom_1435104023310{padding-top: 20px !important;}&#8221;]H\u0131z ve s\u00fcreklilik gelece\u011fe meydan okuyan \u00f6\u011felerdir.M\u00fc\u015fterilerimiz i\u00e7in her bir g\u00f6revin gereklerini yerine getirmek i\u00e7in mant\u0131kl\u0131 ve iyi hesaplanm\u0131\u015f \u00e7\u00f6z\u00fcmler sunmak ad\u0131na buraday\u0131z.Bu g\u00fcc\u00fcm\u00fcz b\u00f6lgesel otomobil end\u00fcstrisi ile y\u0131llard\u0131r s\u00fcregelen yak\u0131n i\u015fbirli\u011fimizin birikmi\u015f tecr\u00fcbesinden gelir.Kalite politikas\u0131 standartlar\u0131m\u0131z bizi ve i\u015fimizi her ge\u00e7en g\u00fcn geli\u015ftirmeye sevk eder.[\/vc_column_text][\/vc_column][\/vc_row][vc_row bg_parallax=&#8221;off&#8221; css=&#8221;.vc_custom_1414617581984{margin-top: 0px !important;margin-bottom: 0px !important;padding-top: 60px !important;padding-bottom: 60px !important;}&#8221;][vc_column width=&#8221;2\/3&#8243;]<h3 class=\"ozy-divider-cap-left wpb_content_element\">T\u0130CAR\u0130 DE\u011eERLER\u0130M\u0130Z<\/h3><div class=\"ozy-content-divider \" style=\"border-top-style:solid;border-top-width:2px;border-top-color:#34ccff;width:40px;max-width:40px;float:left;\"><\/div><div style=\"height:30px\" class=\"ozy-spacer\"><\/div>[vc_tabs interval=&#8221;5&#8243;][vc_tab title=&#8221;Aile&#8221; tab_id=&#8221;1414616520-1-10&#8243;][vc_column_text]Deltatrans bir aile \u015firketidir ve aile \u015firketi olma \u00f6zelli\u011fini korumaya kararl\u0131d\u0131r.Ticari ba\u011f\u0131ms\u0131zl\u0131\u011f\u0131m\u0131z\u0131n \u00f6tesinde m\u00fc\u015fterilerimizle, i\u015f ortaklar\u0131m\u0131zla ve i\u015f\u00e7ilerimizle olan uzun s\u00fcreli ili\u015fkilerimizde b\u00fcy\u00fck bir \u00f6vg\u00fc al\u0131yoruz.Bu sinerji devam eden geli\u015fimimizin de temelidir.[\/vc_column_text][\/vc_tab][vc_tab title=&#8221;Kalite&#8221; tab_id=&#8221;1414616651223-2-1&#8243;][vc_column_text]2011&#8217;den beri DIN ISO 9001:2008&#8217;e uygun olan bir kalite y\u00f6netim sistemi kullan\u0131yoruz.Parlak ba\u015far\u0131lar\u0131m\u0131z\u0131n Ocak 2014 bir sertifika ile ta\u00e7land\u0131r\u0131lmas\u0131 bizi son derece gururland\u0131rd\u0131. Deltatrans i\u00e7in uluslararas\u0131 T\u00dcV sertifikas\u0131 herhangi bir formalite veya bir sertifikadan daha \u00e7ok \u015feyi ifade eder.Bizim i\u00e7in kalite standartlar\u0131 son derece \u00f6nemlidir. Kalite politikas\u0131 sistemimiz bizi daha ileriye g\u00f6t\u00fcrece\u011fine inand\u0131\u011f\u0131m\u0131z temel g\u00fcd\u00fcm\u00fczd\u00fcr.[\/vc_column_text][\/vc_tab][vc_tab title=&#8221;Personelimiz&#8221; tab_id=&#8221;1414616654214-3-6&#8243;][vc_column_text]Personelimize, onlar\u0131n uzmanl\u0131\u011f\u0131na ve zor i\u015fler kar\u015f\u0131s\u0131ndaki kapasitelerine g\u00fcvenimiz sonsuzdur.\u00c7al\u0131\u015fanlar\u0131m\u0131z\u0131n maa\u015flar\u0131n\u0131 adil bir \u015fekilde da\u011f\u0131t\u0131r; onlara personel e\u011fitimi noktas\u0131nda destek oluruz.Tak\u0131m sinerjimiz i\u015fimizin her \u015feyidir, bel kemi\u011fidir.[\/vc_column_text][\/vc_tab][vc_tab title=&#8221;Teknoloji&#8221; tab_id=&#8221;1414616655438-4-5&#8243;][vc_column_text]\u015e\u00fcphesiz k\u00fcreselle\u015fen d\u00fcnyada modern teknoloji bize net bir avantaj sa\u011flar. Bu teknoloji \u00e7a\u011f\u0131, k\u00fcresel iklim ve \u00e7evre politikalar\u0131 i\u00e7in kendi pay\u0131m\u0131za d\u00fc\u015feni yapmaya olanak sa\u011flar.Filomuz \u00e7a\u011f\u0131n Avrupa \u00e7evre standartlar\u0131n\u0131 kar\u015f\u0131layacak d\u00fczeyde, en modern yerle\u015ftirme ara\u00e7lar\u0131yla donat\u0131lm\u0131\u015ft\u0131r.[\/vc_column_text][\/vc_tab][\/vc_tabs][\/vc_column][vc_column width=&#8221;1\/3&#8243;][vc_column_text]<\/p>\n<blockquote><p>&#8216;Yapt\u0131\u011f\u0131m\u0131z i\u015fler de\u011fil de, yar\u0131m b\u0131rakt\u0131klar\u0131m\u0131z bizi yorar.<\/p><\/blockquote>\n<p style=\"text-align: right;\"><em>Marie von Ebner-Eschenbach, Avusturyal\u0131 yazar, 1830\u20131916.<\/em><\/p>\n<p>[\/vc_column_text][\/vc_column][\/vc_row][vc_row full_width=&#8221;stretch_row_content_no_spaces&#8221; row_fullwidth=&#8221;1&#8243; bg_parallax=&#8221;off&#8221; css=&#8221;.vc_custom_1434829169530{margin: 0px !important;border-width: 0px !important;padding: 0px !important;}&#8221;][vc_column][vc_single_image image=&#8221;1827&#8243; img_size=&#8221;full&#8221;][\/vc_column][\/vc_row]<\/p>\n<\/div>","protected":false},"excerpt":{"rendered":"<p>[vc_row parallax=&#8221;content-moving&#8221; parallax_image=&#8221;1985&#8243; bg_parallax=&#8221;on&#8221; bottom_button=&#8221;on&#8221; bottom_button_color=&#8221;#ffffff&#8221; font_color=&#8221;#ffffff&#8221; css=&#8221;.vc_custom_1434882983301{margin-top: 0px !important;margin-bottom: 0px !important;padding-top: 10px !important;padding-bottom: 60px !important;}&#8221; bottom_button_icon=&#8221;oic-down-open-big&#8221; bottom_button_link=&#8221;#section01&#8243; row_min_height=&#8221;700&#8243;][vc_column][vc_column_text css=&#8221;.vc_custom_1435103711656{margin-top: 80px !important;margin-bottom: 80px !important;}&#8221;] HAKKIMIZDA Almanya&#8217;n\u0131n merkezinden d\u00fcnyan\u0131n her yerine [&hellip;]<\/p>\n","protected":false},"author":2,"featured_media":0,"parent":2068,"menu_order":1,"comment_status":"closed","ping_status":"closed","template":"","meta":{"footnotes":""},"class_list":["post-2086","page","type-page","status-publish","hentry"],"_links":{"self":[{"href":"https:\/\/deltatrans.de\/tr\/wp-json\/wp\/v2\/pages\/2086","targetHints":{"allow":["GET"]}}],"collection":[{"href":"https:\/\/deltatrans.de\/tr\/wp-json\/wp\/v2\/pages"}],"about":[{"href":"https:\/\/deltatrans.de\/tr\/wp-json\/wp\/v2\/types\/page"}],"author":[{"embeddable":true,"href":"https:\/\/deltatrans.de\/tr\/wp-json\/wp\/v2\/users\/2"}],"replies":[{"embeddable":true,"href":"https:\/\/deltatrans.de\/tr\/wp-json\/wp\/v2\/comments?post=2086"}],"version-history":[{"count":0,"href":"https:\/\/deltatrans.de\/tr\/wp-json\/wp\/v2\/pages\/2086\/revisions"}],"up":[{"embeddable":true,"href":"https:\/\/deltatrans.de\/tr\/wp-json\/wp\/v2\/pages\/2068"}],"wp:attachment":[{"href":"https:\/\/deltatrans.de\/tr\/wp-json\/wp\/v2\/media?parent=2086"}],"curies":[{"name":"wp","href":"https:\/\/api.w.org\/{rel}","templated":true}]}}